{"id":579,"date":"2024-11-29T11:58:19","date_gmt":"2024-11-29T10:58:19","guid":{"rendered":"https:\/\/www.esberitox.de\/?page_id=579"},"modified":"2026-02-04T08:20:51","modified_gmt":"2026-02-04T07:20:51","slug":"faq","status":"publish","type":"page","link":"https:\/\/www.esberitox.de\/at\/ratgeber-hausmittel\/faq\/","title":{"rendered":"FAQ"},"content":{"rendered":"<div id=\"pl-579\"  class=\"panel-layout\" ><div id=\"pg-579-0\"  class=\"panel-grid panel-no-style\" ><div id=\"pgc-579-0-0\"  class=\"panel-grid-cell\" ><div id=\"panel-579-0-0-0\" class=\"so-panel widget widget_wph-hero-form-fields panel-first-child panel-last-child\" data-index=\"0\" ><div\n\t\t\t\n\t\t\tclass=\"so-widget-wph-hero-form-fields so-widget-wph-hero-form-fields-base\"\n\t\t\t\n\t\t><!-- hero-sectionm start -->\n<section class=\"hero-sectionm\">\n    <div class=\"container\">\n                    <style>\n                .hero-mainm {\n                    padding-top: 0;\n                }\n            <\/style>\n                <div class=\"hero-mainm\">\n            <div class=\"row \">\n                <div class=\"col-md-5 order-2 order-md-1\">\n                    <div class=\"hero-leftm\">\n                        <h2><strong>H\u00e4ufig gestellte Fragen<\/strong>\n<h1><span style=\"color: #009739;\">Erk\u00e4ltung FAQ<\/span><\/h1>\n<\/h2>\n                                        <\/div>\n                <\/div>\n                <div class=\"col-md-7 order-1 order-md-2\">\n                    <div class=\"hero-rightm\">\n                                                    <img decoding=\"async\" class=\"\" src=\"https:\/\/www.esberitox.de\/at\/wp-content\/uploads\/FAQs_webseite_at.jpg\" alt=\"\">\n                                            <\/div>\n                <\/div>\n            <\/div>\n        <\/div>\n    <\/div>\n<\/section>\n<!-- hero-sectionm end --><\/div><\/div><\/div><\/div><div id=\"pg-579-1\"  class=\"panel-grid panel-no-style\" ><div id=\"pgc-579-1-0\"  class=\"panel-grid-cell\" ><div id=\"panel-579-1-0-0\" class=\"so-panel widget widget_wph-textbox-form-fields panel-first-child panel-last-child\" data-index=\"1\" ><div\n\t\t\t\n\t\t\tclass=\"so-widget-wph-textbox-form-fields so-widget-wph-textbox-form-fields-base\"\n\t\t\t\n\t\t><!-- hero-area3-start -->\n<section class=\"hero-area3 textbox-68\">\n    <div class=\"container\">\n        <div class=\"hero-btm\">\n                                        <div class=\"content\">\n                    <p class=\"lead\">Hier fin\u00adden Sie die Ant\u00adwort\u00aden zu h\u00e4ufig ge\u00adstellt\u00aden Frag\u00aden rund um die Them\u00aden\u00a0<a href=\"https:\/\/www.esberitox.de\/at\/erkaeltung-verkuerzen\/esberitox-forte\/\">Esberi\u00adtox<sup>\u00ae<\/sup><\/a>\u00a0und\u00a0<a href=\"https:\/\/www.esberitox.de\/at\/grippaler-infekt\/\">Er\u00adk\u00e4lt\u00adung<\/a>.<\/p>\n<p>Sollt\u00aden Sie keine Ant\u00adwort\u00aden zu Ihren Frag\u00aden find\u00aden, k\u00f6nn\u00aden Sie uns jeder\u00adzeit \u00fcber unser\u00a0<a href=\"https:\/\/www.esberitox.de\/at\/kontakt\/\">Kontaktformular<\/a>\u00a0an\u00adschreib\u00aden.<\/p>\n                <\/div>\n                    <\/div>\n    <\/div>\n<\/section>\n<!-- hero-area3-end -->\n<\/div><\/div><\/div><\/div><div id=\"pg-579-2\"  class=\"panel-grid panel-has-style\" ><div class=\"siteorigin-panels-stretch panel-row-style panel-row-style-for-579-2\" data-stretch-type=\"full-width-stretch\" ><div id=\"pgc-579-2-0\"  class=\"panel-grid-cell\" ><div id=\"panel-579-2-0-0\" class=\"so-panel widget widget_wph-textboxlb-form-fields panel-first-child panel-last-child\" data-index=\"2\" ><div\n\t\t\t\n\t\t\tclass=\"so-widget-wph-textboxlb-form-fields so-widget-wph-textboxlb-form-fields-base\"\n\t\t\t\n\t\t><section class=\"cystinol-area3 leaf-box-43282\">\n    <div class=\"cystinol3-main\" style=\"background-color: #e0f4e8\">\n        <div class=\"container\">\n            <div class=\"row\">\n                <div id=\"pl-w50fb74f0\"  class=\"panel-layout\" ><div id=\"pg-w50fb74f0-0\"  class=\"panel-grid panel-no-style\" ><div id=\"pgc-w50fb74f0-0-0\"  class=\"panel-grid-cell\" ><div id=\"panel-w50fb74f0-0-0-0\" class=\"so-panel widget widget_sow-editor panel-first-child\" data-index=\"0\" ><div class=\"panel-widget-style panel-widget-style-for-w50fb74f0-0-0-0\" ><div\n\t\t\t\n\t\t\tclass=\"so-widget-sow-editor so-widget-sow-editor-base\"\n\t\t\t\n\t\t>\n<div class=\"siteorigin-widget-tinymce textwidget\">\n\t<h2 style=\"text-align: center;\"><span style=\"font-size: 30px; color: #009739;\">Allgemeine Fragen zu Erk\u00e4ltungskrankheiten<\/span><\/h2>\n<p style=\"text-align: center;\">Hier finden Sie h\u00e4ufige Fragen zum Thema Erk\u00e4ltung. Mehr finden Sie auch auf der Seite\u00a0<a href=\"https:\/\/www.esberitox.de\/at\/grippaler-infekt\/\">Grippaler Infekt<\/a>.<\/p>\n<\/div>\n<\/div><\/div><\/div><div id=\"panel-w50fb74f0-0-0-1\" class=\"so-panel widget widget_wph-boxlisting-form-fields panel-last-child\" data-index=\"1\" ><div class=\"panel-widget-style panel-widget-style-for-w50fb74f0-0-0-1\" ><div\n\t\t\t\n\t\t\tclass=\"so-widget-wph-boxlisting-form-fields so-widget-wph-boxlisting-form-fields-base\"\n\t\t\t\n\t\t><section class=\"container hero-btm accordion-wrapper8726\">\n    <section class=\"box-listing box-shadow\">\n                    <section class=\"one-listing fx ai-c\">\n                <div class=\"text fx ai-c headline\">\n                    <span>\n                        Woran erkenne ich den Unterschied zwischen einer Grippe und einer Erk\u00e4ltung?                    <\/span>\n                    <img decoding=\"async\" src=\"https:\/\/www.esberitox.de\/at\/wp-content\/themes\/wp-hero\/inc\/images\/chevron-down.png\">\n                <\/div>\n                <div class=\"content\">\n                    <p>Woran erkennt man den Unterschied zwischen einer Erk\u00e4ltung und einer Grippe? Zugegeben ganz einfach ist das nicht. Hier kommen ein paar Anhaltspunkte:<\/p>\n<p><strong>Anzeichen einer Grippe<\/strong><\/p>\n<p>Eine Grippe bricht pl\u00f6tzlich aus und man hat hohes Fieber, bis zu 41 Grad. Die Symptome sind langwierig und k\u00f6nnen bis zu eine Woche lang anhalten.<\/p>\n<p><strong>Anzeichen einer Erk\u00e4ltung<\/strong><\/p>\n<p>Eine Erk\u00e4ltung kommt eher schleichend. Meist hat man eine leicht erh\u00f6hte Temperatur. Zudem tritt meist nach 1-2 Tagen eine erste Besserung ein.<\/p>\n<p><a href=\"https:\/\/www.esberitox.de\/at\/grippe-oder-erkaeltung-so-unterscheiden-sie-sich-2\/\">Mehr finden Sie hier.<\/a><\/p>\n                <\/div>\n            <\/section>\n                    <section class=\"one-listing fx ai-c\">\n                <div class=\"text fx ai-c headline\">\n                    <span>\n                        Wieso hilft bei einer Erk\u00e4ltung meist kein Antibiotikum?                    <\/span>\n                    <img decoding=\"async\" src=\"https:\/\/www.esberitox.de\/at\/wp-content\/themes\/wp-hero\/inc\/images\/chevron-down.png\">\n                <\/div>\n                <div class=\"content\">\n                    <p>Eine Erk\u00e4ltung wird zu 95% durch Viren verur\u00adsacht. Anti\u00adbiotika helfen aber nur gegen Bakterien und nicht gegen Viren. Daher sollte man bei einer Erk\u00e4ltung eher auf Anti\u00adbiotika ver\u00adzichten.<\/p>\n<p>Mehr zum Thema\u00a0<a href=\"https:\/\/www.esberitox.de\/at\/grippaler-infekt\/\">Erk\u00e4ltung<\/a><\/p>\n                <\/div>\n            <\/section>\n                    <section class=\"one-listing fx ai-c\">\n                <div class=\"text fx ai-c headline\">\n                    <span>\n                        Erkranken Kinder h\u00e4ufiger an einer Erk\u00e4ltung als Erwachsene?                    <\/span>\n                    <img decoding=\"async\" src=\"https:\/\/www.esberitox.de\/at\/wp-content\/themes\/wp-hero\/inc\/images\/chevron-down.png\">\n                <\/div>\n                <div class=\"content\">\n                    <p>Tats\u00e4chlich erkranken\u00a0<a href=\"https:\/\/www.esberitox.de\/at\/ratgeber-hausmittel\/erkaeltungsmittel-fuer-kinder\/\">Kinder<\/a>\u00a0h\u00e4ufiger an einer Erk\u00e4ltung als Erwach\u00adsene. Das kindliche Immun\u00adsystem ist durch den intens\u00adiven Kontakt mit anderen jungen Menschen im Kindergarten, in der Schule und in der Freizeit den Erk\u00e4ltungs\u00adviren ve\u00adrst\u00e4rkt aus\u00adgesetzt.<\/p>\n                <\/div>\n            <\/section>\n                    <section class=\"one-listing fx ai-c\">\n                <div class=\"text fx ai-c headline\">\n                    <span>\n                        Sind Halsschmerzen ein ersten Anzeichen einer Erk\u00e4ltung?                    <\/span>\n                    <img decoding=\"async\" src=\"https:\/\/www.esberitox.de\/at\/wp-content\/themes\/wp-hero\/inc\/images\/chevron-down.png\">\n                <\/div>\n                <div class=\"content\">\n                    <p>Oft sind Halsschmerzen,\u00a0<a href=\"https:\/\/www.esberitox.de\/at\/grippaler-infekt\/halsschmerzen\/\">Halskratzen<\/a>\u00a0ein erstes Anzeichen einer kommenden Erk\u00e4ltung. Bakterien und Viren treten dabei durch Mund und Nase ein. Da ihnen die Schleimh\u00e4ute von Rachen und Hals besonders g\u00fcnstige Bedingungen bieten, nisten sie sich dort ein, um sich zu vermehren. Der Hals kratzt, beginnt zu schmerzen und brennt.<\/p>\n                <\/div>\n            <\/section>\n                    <section class=\"one-listing fx ai-c\">\n                <div class=\"text fx ai-c headline\">\n                    <span>\n                        Was sind die wichtigsten Symptome einer Erk\u00e4ltung?                    <\/span>\n                    <img decoding=\"async\" src=\"https:\/\/www.esberitox.de\/at\/wp-content\/themes\/wp-hero\/inc\/images\/chevron-down.png\">\n                <\/div>\n                <div class=\"content\">\n                    <p>Die h\u00e4ufigsten Symptome einer Erk\u00e4ltung sind folgende:<\/p>\n<p>Fr\u00fcher Halsschmerz, Fieber, Heiserkeit, Niesen, Trockener Reizhusten, Kalte F\u00fc\u00dfe, Warmer Kopf, Kopfschmerzen.<\/p>\n<p>Mehr zum Thema grippaler Infekt\/ Erk\u00e4ltung finden Sie\u00a0<a href=\"https:\/\/www.esberitox.de\/at\/grippaler-infekt\/\">hier<\/a>.<\/p>\n                <\/div>\n            <\/section>\n                    <section class=\"one-listing fx ai-c\">\n                <div class=\"text fx ai-c headline\">\n                    <span>\n                        Wie lange dauert eine Erk\u00e4ltung?                    <\/span>\n                    <img decoding=\"async\" src=\"https:\/\/www.esberitox.de\/at\/wp-content\/themes\/wp-hero\/inc\/images\/chevron-down.png\">\n                <\/div>\n                <div class=\"content\">\n                    <p>Manche sagen, eine Erk\u00e4ltung dauert mit Therapie 7 Tage \u2013 und ohne eine Woche. Stimmt aber nicht: Denn Sie k\u00f6nnen Ihren K\u00f6rper im Kampf gegen die Erk\u00e4ltungsviren unterst\u00fctzen und daf\u00fcr sorgen, dass Sie schneller wieder gesund werden.<\/p>\n<p>Werden Sie bei den ersten Anzeichen einer Erk\u00e4ltung aktiv. Denn so lange der \"Virenangriff\" noch im Anfangsstadium steckt, haben Sie gute Chancen, den Abwehrkampf zu gewinnen.<\/p>\n<p>Mit den rein pflanzlichen Arzneimitteln von Esberitox<sup>\u00ae<\/sup> kann die <a href=\"https:\/\/www.esberitox.de\/at\/erkaeltung-verkuerzen\/\">Erk\u00e4ltungsdauer<\/a>\u00a0verringert werden.<sup>1,2<\/sup><\/p>\n                <\/div>\n            <\/section>\n            <\/section>\n<\/section>\n<script type=application\/ld+json>\n{\n    \"@context\": \"https:\/\/schema.org\",\n    \"@type\":    \"FAQPage\",\n    \"@id\":      \"https:\/\/www.esberitox.de\/at\/wp-json\/wp\/v2\/pages\/579\",\n    \"mainEntity\": [\n                                {\n                    \"@type\":    \"Question\",\n                    \"name\":     \"Woran erkenne ich den Unterschied zwischen einer Grippe und einer Erk\u00e4ltung?\",\n                    \"acceptedAnswer\":\n                        {\n                            \"@type\":    \"Answer\",\n                            \"text\": \"<p>Woran erkennt man den Unterschied zwischen einer Erk\u00e4ltung und einer Grippe? Zugegeben ganz einfach ist das nicht. Hier kommen ein paar Anhaltspunkte:<\/p>\n<p><strong>Anzeichen einer Grippe<\/strong><\/p>\n<p>Eine Grippe bricht pl\u00f6tzlich aus und man hat hohes Fieber, bis zu 41 Grad. Die Symptome sind langwierig und k\u00f6nnen bis zu eine Woche lang anhalten.<\/p>\n<p><strong>Anzeichen einer Erk\u00e4ltung<\/strong><\/p>\n<p>Eine Erk\u00e4ltung kommt eher schleichend. Meist hat man eine leicht erh\u00f6hte Temperatur. Zudem tritt meist nach 1-2 Tagen eine erste Besserung ein.<\/p>\n<p><a href=\\\"https:\/\/www.esberitox.de\/at\/grippe-oder-erkaeltung-so-unterscheiden-sie-sich-2\/\\\">Mehr finden Sie hier.<\/a><\/p>\n\"\n                        }\n                }\n                                    ,\n                                                {\n                    \"@type\":    \"Question\",\n                    \"name\":     \"Wieso hilft bei einer Erk\u00e4ltung meist kein Antibiotikum?\",\n                    \"acceptedAnswer\":\n                        {\n                            \"@type\":    \"Answer\",\n                            \"text\": \"<p>Eine Erk\u00e4ltung wird zu 95% durch Viren verur\u00adsacht. Anti\u00adbiotika helfen aber nur gegen Bakterien und nicht gegen Viren. Daher sollte man bei einer Erk\u00e4ltung eher auf Anti\u00adbiotika ver\u00adzichten.<\/p>\n<p>Mehr zum Thema\u00a0<a href=\\\"https:\/\/www.esberitox.de\/at\/grippaler-infekt\/\\\">Erk\u00e4ltung<\/a><\/p>\n\"\n                        }\n                }\n                                    ,\n                                                {\n                    \"@type\":    \"Question\",\n                    \"name\":     \"Erkranken Kinder h\u00e4ufiger an einer Erk\u00e4ltung als Erwachsene?\",\n                    \"acceptedAnswer\":\n                        {\n                            \"@type\":    \"Answer\",\n                            \"text\": \"<p>Tats\u00e4chlich erkranken\u00a0<a href=\\\"https:\/\/www.esberitox.de\/at\/ratgeber-hausmittel\/erkaeltungsmittel-fuer-kinder\/\\\">Kinder<\/a>\u00a0h\u00e4ufiger an einer Erk\u00e4ltung als Erwach\u00adsene. Das kindliche Immun\u00adsystem ist durch den intens\u00adiven Kontakt mit anderen jungen Menschen im Kindergarten, in der Schule und in der Freizeit den Erk\u00e4ltungs\u00adviren ve\u00adrst\u00e4rkt aus\u00adgesetzt.<\/p>\n\"\n                        }\n                }\n                                    ,\n                                                {\n                    \"@type\":    \"Question\",\n                    \"name\":     \"Sind Halsschmerzen ein ersten Anzeichen einer Erk\u00e4ltung?\",\n                    \"acceptedAnswer\":\n                        {\n                            \"@type\":    \"Answer\",\n                            \"text\": \"<p>Oft sind Halsschmerzen,\u00a0<a href=\\\"https:\/\/www.esberitox.de\/at\/grippaler-infekt\/halsschmerzen\/\\\">Halskratzen<\/a>\u00a0ein erstes Anzeichen einer kommenden Erk\u00e4ltung. Bakterien und Viren treten dabei durch Mund und Nase ein. Da ihnen die Schleimh\u00e4ute von Rachen und Hals besonders g\u00fcnstige Bedingungen bieten, nisten sie sich dort ein, um sich zu vermehren. Der Hals kratzt, beginnt zu schmerzen und brennt.<\/p>\n\"\n                        }\n                }\n                                    ,\n                                                {\n                    \"@type\":    \"Question\",\n                    \"name\":     \"Was sind die wichtigsten Symptome einer Erk\u00e4ltung?\",\n                    \"acceptedAnswer\":\n                        {\n                            \"@type\":    \"Answer\",\n                            \"text\": \"<p>Die h\u00e4ufigsten Symptome einer Erk\u00e4ltung sind folgende:<\/p>\n<p>Fr\u00fcher Halsschmerz, Fieber, Heiserkeit, Niesen, Trockener Reizhusten, Kalte F\u00fc\u00dfe, Warmer Kopf, Kopfschmerzen.<\/p>\n<p>Mehr zum Thema grippaler Infekt\/ Erk\u00e4ltung finden Sie\u00a0<a href=\\\"https:\/\/www.esberitox.de\/at\/grippaler-infekt\/\\\">hier<\/a>.<\/p>\n\"\n                        }\n                }\n                                    ,\n                                                {\n                    \"@type\":    \"Question\",\n                    \"name\":     \"Wie lange dauert eine Erk\u00e4ltung?\",\n                    \"acceptedAnswer\":\n                        {\n                            \"@type\":    \"Answer\",\n                            \"text\": \"<p>Manche sagen, eine Erk\u00e4ltung dauert mit Therapie 7 Tage \u2013 und ohne eine Woche. Stimmt aber nicht: Denn Sie k\u00f6nnen Ihren K\u00f6rper im Kampf gegen die Erk\u00e4ltungsviren unterst\u00fctzen und daf\u00fcr sorgen, dass Sie schneller wieder gesund werden.<\/p>\n<p>Werden Sie bei den ersten Anzeichen einer Erk\u00e4ltung aktiv. Denn so lange der \\\"Virenangriff\\\" noch im Anfangsstadium steckt, haben Sie gute Chancen, den Abwehrkampf zu gewinnen.<\/p>\n<p>Mit den rein pflanzlichen Arzneimitteln von Esberitox<sup>\u00ae<\/sup> kann die <a href=\\\"https:\/\/www.esberitox.de\/at\/erkaeltung-verkuerzen\/\\\">Erk\u00e4ltungsdauer<\/a>\u00a0verringert werden.<sup>1,2<\/sup><\/p>\n\"\n                        }\n                }\n                                            ]\n}\n<\/script>\n\n<script>    \n    jQuery(document).ready(function () {\n        jQuery('.accordion-wrapper8726 .one-listing .headline').click(function () {\n            var checker = 0;\n            if(jQuery(this).parents('.one-listing').hasClass('active')) {\n                checker = 1;\n            }\n            console.log(jQuery(this), checker);\n            \n            jQuery('.accordion-wrapper8726 .one-listing ').removeClass('active');\n            \n            if(checker != 1) {\n                jQuery(this).parents('.one-listing').addClass('active');\n            } else {\n                jQuery(this).parents('.one-listing').removeClass('active');\n            }\n        });\n    });\n<\/script>\n<\/div><\/div><\/div><\/div><\/div><\/div>            <\/div>\n        <\/div>\n    <\/div>\n<\/section>\n\n\n<\/div><\/div><\/div><\/div><\/div><div id=\"pg-579-3\"  class=\"panel-grid panel-no-style\" ><div id=\"pgc-579-3-0\"  class=\"panel-grid-cell\" ><div id=\"panel-579-3-0-0\" class=\"so-panel widget widget_sow-editor panel-first-child\" data-index=\"3\" ><div\n\t\t\t\n\t\t\tclass=\"so-widget-sow-editor so-widget-sow-editor-base\"\n\t\t\t\n\t\t>\n<div class=\"siteorigin-widget-tinymce textwidget\">\n\t<h2 style=\"text-align: center;\"><span style=\"color: #009739; font-size: 30px;\">Fragen zur Esberitox<sup>\u00ae<\/sup> Produktfamilie<\/span><\/h2>\n<p style=\"text-align: center;\">Mit der Esberitox<sup>\u00ae<\/sup>-Produkt\u00adfamilie stehen Ihnen ver\u00adschiedene pflanzliche Arznei\u00admittel bei Erk\u00e4ltungs\u00adkrankheiten zur Ver\u00adf\u00fcgung.<\/p>\n<\/div>\n<\/div><\/div><div id=\"panel-579-3-0-1\" class=\"so-panel widget widget_wph-boxlisting-form-fields panel-last-child\" data-index=\"4\" ><div\n\t\t\t\n\t\t\tclass=\"so-widget-wph-boxlisting-form-fields so-widget-wph-boxlisting-form-fields-base\"\n\t\t\t\n\t\t><section class=\"container hero-btm accordion-wrapper6075\">\n    <section class=\"box-listing box-shadow\">\n                    <section class=\"one-listing fx ai-c\">\n                <div class=\"text fx ai-c headline\">\n                    <span>\n                        Wann nehme ich welches Pr\u00e4parat ein?                    <\/span>\n                    <img decoding=\"async\" src=\"https:\/\/www.esberitox.de\/at\/wp-content\/themes\/wp-hero\/inc\/images\/chevron-down.png\">\n                <\/div>\n                <div class=\"content\">\n                    <p><strong><a href=\"https:\/\/www.esberitox.de\/at\/erkaeltung-verkuerzen\/esberitox-forte\/\">Esberitox<sup>\u00ae<\/sup> FORTE<\/a>\u00a0und\u00a0<a href=\"https:\/\/www.esberitox.de\/at\/erkaeltung-verkuerzen\/esberitox-tabletten\/\">Esberitox<sup>\u00ae<\/sup><\/a><\/strong>\u00a0wer\u00adden an\u00adgewend\u00adet zur\u00a0<strong>unter\u00adst\u00fctzen\u00adden Therapie viraler Erk\u00e4ltungs\u00adkrankheiten<\/strong>. Hier\u00adbei unter\u00adscheiden sich die Pro\u00addukte in ihrer Dosier\u00adung, in der Art der An\u00adwend\u00adung und dem Alter ab welch\u00adem sie ver\u00adwendet wer\u00adden d\u00fcrf\u00aden.<\/p>\n                <\/div>\n            <\/section>\n                    <section class=\"one-listing fx ai-c\">\n                <div class=\"text fx ai-c headline\">\n                    <span>\n                        Wo kann ich die Produkte kaufen? Und kann ich die Produkte auf Rezept bekommen?                    <\/span>\n                    <img decoding=\"async\" src=\"https:\/\/www.esberitox.de\/at\/wp-content\/themes\/wp-hero\/inc\/images\/chevron-down.png\">\n                <\/div>\n                <div class=\"content\">\n                    <p>Die\u00a0<a href=\"https:\/\/www.esberitox.de\/at\/erkaeltung-verkuerzen\/\"><strong>Esberi\u00adtox<sup>\u00ae<\/sup>-Pro\u00addukte<\/strong><\/a> sind\u00a0<strong>nicht rezept\u00adpflicht\u00adig<\/strong>, je\u00addoch apotheken\u00adpflichtige Pro\u00addukte. Sie er\u00adhalt\u00aden sie da\u00adher aus\u00adschlie\u00df\u00adlich in der Apo\u00adtheke, auch on\u00adline.\u00a0<strong>Tipp<\/strong>: Viele gesetz\u00adliche Kranken\u00adkassen er\u00adstatten ihren Ver\u00adsicherten die Kost\u00aden f\u00fcr be\u00adstimmte rezept\u00adfreie, apotheken\u00adpflichtige Arznei\u00admittel frei\u00adwillig zu\u00adr\u00fcck.<\/p>\n                <\/div>\n            <\/section>\n            <\/section>\n<\/section>\n<script type=application\/ld+json>\n{\n    \"@context\": \"https:\/\/schema.org\",\n    \"@type\":    \"FAQPage\",\n    \"@id\":      \"https:\/\/www.esberitox.de\/at\/wp-json\/wp\/v2\/pages\/579\",\n    \"mainEntity\": [\n                                {\n                    \"@type\":    \"Question\",\n                    \"name\":     \"Wann nehme ich welches Pr\u00e4parat ein?\",\n                    \"acceptedAnswer\":\n                        {\n                            \"@type\":    \"Answer\",\n                            \"text\": \"<p><strong><a href=\\\"https:\/\/www.esberitox.de\/at\/erkaeltung-verkuerzen\/esberitox-forte\/\\\">Esberitox<sup>\u00ae<\/sup> FORTE<\/a>\u00a0und\u00a0<a href=\\\"https:\/\/www.esberitox.de\/at\/erkaeltung-verkuerzen\/esberitox-tabletten\/\\\">Esberitox<sup>\u00ae<\/sup><\/a><\/strong>\u00a0wer\u00adden an\u00adgewend\u00adet zur\u00a0<strong>unter\u00adst\u00fctzen\u00adden Therapie viraler Erk\u00e4ltungs\u00adkrankheiten<\/strong>. Hier\u00adbei unter\u00adscheiden sich die Pro\u00addukte in ihrer Dosier\u00adung, in der Art der An\u00adwend\u00adung und dem Alter ab welch\u00adem sie ver\u00adwendet wer\u00adden d\u00fcrf\u00aden.<\/p>\n\"\n                        }\n                }\n                                    ,\n                                                {\n                    \"@type\":    \"Question\",\n                    \"name\":     \"Wo kann ich die Produkte kaufen? Und kann ich die Produkte auf Rezept bekommen?\",\n                    \"acceptedAnswer\":\n                        {\n                            \"@type\":    \"Answer\",\n                            \"text\": \"<p>Die\u00a0<a href=\\\"https:\/\/www.esberitox.de\/at\/erkaeltung-verkuerzen\/\\\"><strong>Esberi\u00adtox<sup>\u00ae<\/sup>-Pro\u00addukte<\/strong><\/a> sind\u00a0<strong>nicht rezept\u00adpflicht\u00adig<\/strong>, je\u00addoch apotheken\u00adpflichtige Pro\u00addukte. Sie er\u00adhalt\u00aden sie da\u00adher aus\u00adschlie\u00df\u00adlich in der Apo\u00adtheke, auch on\u00adline.\u00a0<strong>Tipp<\/strong>: Viele gesetz\u00adliche Kranken\u00adkassen er\u00adstatten ihren Ver\u00adsicherten die Kost\u00aden f\u00fcr be\u00adstimmte rezept\u00adfreie, apotheken\u00adpflichtige Arznei\u00admittel frei\u00adwillig zu\u00adr\u00fcck.<\/p>\n\"\n                        }\n                }\n                                            ]\n}\n<\/script>\n\n<script>    \n    jQuery(document).ready(function () {\n        jQuery('.accordion-wrapper6075 .one-listing .headline').click(function () {\n            var checker = 0;\n            if(jQuery(this).parents('.one-listing').hasClass('active')) {\n                checker = 1;\n            }\n            console.log(jQuery(this), checker);\n            \n            jQuery('.accordion-wrapper6075 .one-listing ').removeClass('active');\n            \n            if(checker != 1) {\n                jQuery(this).parents('.one-listing').addClass('active');\n            } else {\n                jQuery(this).parents('.one-listing').removeClass('active');\n            }\n        });\n    });\n<\/script>\n<\/div><\/div><\/div><\/div><div id=\"pg-579-4\"  class=\"panel-grid panel-has-style\" ><div class=\"siteorigin-panels-stretch panel-row-style panel-row-style-for-579-4\" data-stretch-type=\"full-width-stretch\" ><div id=\"pgc-579-4-0\"  class=\"panel-grid-cell\" ><div id=\"panel-579-4-0-0\" class=\"so-panel widget widget_wph-textboxlb-form-fields panel-first-child panel-last-child\" data-index=\"5\" ><div\n\t\t\t\n\t\t\tclass=\"so-widget-wph-textboxlb-form-fields so-widget-wph-textboxlb-form-fields-base\"\n\t\t\t\n\t\t><section class=\"cystinol-area3 leaf-box-81940\">\n    <div class=\"cystinol3-main\" style=\"background-color: #e0f4e8\">\n        <div class=\"container\">\n            <div class=\"row\">\n                <div id=\"pl-w94ace8d6\"  class=\"panel-layout\" ><div id=\"pg-w94ace8d6-0\"  class=\"panel-grid panel-no-style\" ><div id=\"pgc-w94ace8d6-0-0\"  class=\"panel-grid-cell\" ><div id=\"panel-w94ace8d6-0-0-0\" class=\"so-panel widget widget_sow-editor panel-first-child\" data-index=\"0\" ><div class=\"panel-widget-style panel-widget-style-for-w94ace8d6-0-0-0\" ><div\n\t\t\t\n\t\t\tclass=\"so-widget-sow-editor so-widget-sow-editor-base\"\n\t\t\t\n\t\t>\n<div class=\"siteorigin-widget-tinymce textwidget\">\n\t<h2 style=\"text-align: center;\"><span style=\"font-size: 30px; color: #009739;\">Fragen zu den Produkten Esberitox<sup>\u00ae<\/sup> FORTE und Esberitox<sup>\u00ae<\/sup><\/span><\/h2>\n<p style=\"text-align: center;\">Hier finden Sie h\u00e4ufig ge\u00adstellte Fragen zu unseren Erk\u00e4ltungs-Pro\u00addukten Esberi\u00adtox<sup>\u00ae<\/sup> FORTE und Esberi\u00adtox<sup>\u00ae<\/sup> Tabletten. F\u00fcr weitere Informationen gehen Sie zu den <a href=\"https:\/\/www.esberitox.de\/at\/erkaeltung-verkuerzen\/esberitox-forte\/\">Produkt\u00ad\u00fcbersichts\u00adseiten<\/a>.<\/p>\n<\/div>\n<\/div><\/div><\/div><div id=\"panel-w94ace8d6-0-0-1\" class=\"so-panel widget widget_wph-boxlisting-form-fields panel-last-child\" data-index=\"1\" ><div class=\"panel-widget-style panel-widget-style-for-w94ace8d6-0-0-1\" ><div\n\t\t\t\n\t\t\tclass=\"so-widget-wph-boxlisting-form-fields so-widget-wph-boxlisting-form-fields-base\"\n\t\t\t\n\t\t><section class=\"container hero-btm accordion-wrapper516\">\n    <section class=\"box-listing box-shadow\">\n                    <section class=\"one-listing fx ai-c\">\n                <div class=\"text fx ai-c headline\">\n                    <span>\n                        Wie genau wirken Esberitox<sup>\u00ae<\/sup> FORTE und Esberitox<sup>\u00ae<\/sup>?                    <\/span>\n                    <img decoding=\"async\" src=\"https:\/\/www.esberitox.de\/at\/wp-content\/themes\/wp-hero\/inc\/images\/chevron-down.png\">\n                <\/div>\n                <div class=\"content\">\n                    <p><strong><a href=\"https:\/\/www.esberitox.de\/at\/erkaeltung-verkuerzen\/esberitox-forte\/\">Esberitox<sup>\u00ae<\/sup> FORTE<\/a>\u00a0<\/strong>und<strong>\u00a0<a href=\"https:\/\/www.esberitox.de\/at\/erkaeltung-verkuerzen\/esberitox-tabletten\/\">Esberitox<sup>\u00ae<\/sup><\/a><\/strong>\u00a0bein\u00adhalten einen Misch\u00adextrakt mit Wirk\u00adstoffen aus Purpur\u00adsonnen\u00adhutwurzel, Wurzel des Blass\u00adbl\u00e4ttrigen Sonnen\u00adhutes, F\u00e4rber\u00adh\u00fclsen\u00adwurzel und Lebens\u00adbaum\u00adspitzen und -bl\u00e4ttern.<\/p>\n<p>Die Wirk\u00ad\u00adstoffe stimu\u00adlieren das k\u00f6rper\u00ad\u00adeigene Immun\u00ad\u00adsystem an unter\u00adschiedlich\u00aden An\u00adgriffs\u00ad\u00adpunkten. F\u00fcr jede Pflanze wur\u00adden experimen\u00adtell ver\u00adschieden\u00aden Wirk\u00adweisen fest\u00adge\u00adstellt und jeder Wirk\u00adstoff hat ein\u00aden eigen\u00aden An\u00adteil f\u00fcr die Wirk\u00adung, der Misch\u00adextrakt hat aller\u00addings die st\u00e4rk\u00adste Wirk\u00adung. Hier\u00adbei wer\u00adden neb\u00aden einer direkt anti\u00adviralen Wirk\u00adung (durch Lebens\u00adbaum und Sonnen\u00adhut) auch ver\u00adschiede\u00adne Immun\u00adzellen aktiviert, die f\u00fcr die Be\u00adk\u00e4mpf\u00adung viral\u00ader und bakter\u00adieller Krank\u00adheits\u00ader\u00adreger zu\u00adst\u00e4ndig sind. So er\u00adh\u00f6ht Sonnen\u00adhut bei\u00adspiels\u00adweise die Aktivi\u00adt\u00e4t von Fress\u00adzellen, welche ein\u00adge\u00addrunge\u00adne Er\u00adreger ver\u00adnicht\u00aden. Die F\u00e4rber\u00adh\u00fclse sorgt wieder\u00adum f\u00fcr eine be\u00adschleunig\u00adte Pro\u00adduktion von Anti\u00adk\u00f6rpern, welche die Krankheits\u00aderreger neu\u00adtralisieren.<\/p>\n                <\/div>\n            <\/section>\n                    <section class=\"one-listing fx ai-c\">\n                <div class=\"text fx ai-c headline\">\n                    <span>\n                        Wie lange kann ich Esberitox<sup>\u00ae<\/sup> FORTE und Esberitox<sup>\u00ae<\/sup>?                    <\/span>\n                    <img decoding=\"async\" src=\"https:\/\/www.esberitox.de\/at\/wp-content\/themes\/wp-hero\/inc\/images\/chevron-down.png\">\n                <\/div>\n                <div class=\"content\">\n                    <p>Be\u00adginn\u00aden Sie mit der Be\u00adhand\u00adlung so fr\u00fch wie m\u00f6g\u00adlich nach Auf\u00adtreten der ersten Symp\u00adtome und nehm\u00aden Sie\u00a0<a href=\"https:\/\/www.esberitox.de\/at\/erkaeltung-verkuerzen\/esberitox-forte\/\">Esberitox<sup>\u00ae<\/sup> FORTE<\/a>\u00a0oder\u00a0<a href=\"https:\/\/www.esberitox.de\/at\/erkaeltung-verkuerzen\/esberitox-tabletten\/\">Esberitox<sup>\u00ae<\/sup><\/a> so\u00ad\u00adlange ein, bis die Symp\u00adtome ab\u00adklingen. Die An\u00ad\u00adwendungs\u00ad\u00addauer von Esberitox<sup>\u00ae<\/sup> FORTE und Esberitox<sup>\u00ae<\/sup> Tabletten ist nicht grund\u00ads\u00e4tz\u00adlich be\u00adsch\u00adr\u00e4nkt, nehm\u00aden Sie Esberitox<sup>\u00ae<\/sup> FORTE\u00a0und Esberitox<sup>\u00ae<\/sup> Tab\u00adletten je\u00addoch ohne \u00e4rzt\u00adlichen Rat nicht l\u00e4ng\u00ader als 10 Tage ein. Denn wenn die Be\u00adsch\u00adwer\u00adden l\u00e4n\u00adger als 10 Tage an\u00addauern, inner\u00adhalb die\u00adser Zeit st\u00e4r\u00adker wer\u00adden oder nach ein\u00ader Woch\u00ade kein\u00ade Besser\u00adung auf\u00adtritt oder weit\u00adere Symp\u00adtome wie Atem\u00adnot, Fieb\u00ader oder eitri\u00adger oder blut\u00adiger Aus\u00adwurf auf\u00adtreten, kann es sein, dass Sie nicht unter ein\u00ader \u201eein\u00adfachen\u201c <a href=\"https:\/\/www.esberitox.de\/at\/grippaler-infekt\/\">Er\u00adk\u00e4lt\u00adung<\/a>\u00a0leid\u00aden. Da\u00admit keine schwer\u00adwiegen\u00adden Er\u00adkrank\u00adungen \u00fcber\u00adsehen wer\u00adden, leg\u00aden wir Ihn\u00aden da\u00adher nahe, in ein\u00adem solchen Fall ein\u00aden Arzt auf\u00ad\u00adzu\u00ad\u00adsuchen, um mit dies\u00adem die wei\u00adtere Be\u00adhand\u00adlung zu be\u00adsprech\u00aden.<\/p>\n                <\/div>\n            <\/section>\n                    <section class=\"one-listing fx ai-c\">\n                <div class=\"text fx ai-c headline\">\n                    <span>\n                        Kann ich Esberitox<sup>\u00ae<\/sup> FORTE und Esberitox<sup>\u00ae<\/sup> zusammen mit anderen Arzneimitteln einnehmen?                    <\/span>\n                    <img decoding=\"async\" src=\"https:\/\/www.esberitox.de\/at\/wp-content\/themes\/wp-hero\/inc\/images\/chevron-down.png\">\n                <\/div>\n                <div class=\"content\">\n                    <p>Es sind\u00a0<strong>keine Wechsel\u00adwirkung\u00aden<\/strong> von Esberitox<sup>\u00ae<\/sup> FORTE und Esberitox<sup>\u00ae<\/sup> mit ander\u00aden Arznei\u00admitteln be\u00adkannt. Eine ge\u00admein\u00adsame An\u00adwend\u00adung mit ander\u00aden Arznei\u00admitteln ist al\u00adso grund\u00ads\u00e4tz\u00adlich m\u00f6g\u00adlich.<\/p>\n                <\/div>\n            <\/section>\n                    <section class=\"one-listing fx ai-c\">\n                <div class=\"text fx ai-c headline\">\n                    <span>\n                        Kann ich Esberitox<sup>\u00ae<\/sup> FORTE und Esberitox<sup>\u00ae<\/sup> in der Schwangerschaft oder Stillzeit verwenden?                    <\/span>\n                    <img decoding=\"async\" src=\"https:\/\/www.esberitox.de\/at\/wp-content\/themes\/wp-hero\/inc\/images\/chevron-down.png\">\n                <\/div>\n                <div class=\"content\">\n                    <p>Da die Sicher\u00adheit einer An\u00adwend\u00adung in der Schwanger\u00adschaft nicht be\u00adlegt ist, soll\u00adten Sie Esberitox<sup>\u00ae<\/sup> FORTE oder Esberitox<sup>\u00ae<\/sup> nur nach R\u00fcck\u00adsprache mit Ihrem Arzt ein\u00adnehmen, nach\u00addem dieser eine Nutzen\/Risiko-Absch\u00e4tz\u00adung durch\u00adgef\u00fchrt hat. Da nicht be\u00adkannt ist, ob Inhalts\u00adstoffe aus Esberitox<sup>\u00ae<\/sup> in die Mutter\u00admilch \u00fcber\u00adgehen und zu uner\u00adw\u00fcnschten Wirk\u00adungen beim ge\u00adstillten S\u00e4ug\u00adling f\u00fchr\u00aden, soll\u00adten Sie Esberitox<sup>\u00ae<\/sup> FORTE oder Esberitox<sup>\u00ae<\/sup> w\u00e4hr\u00adend der Still\u00adzeit vorsichts\u00adhalber nicht ein\u00adnehm\u00aden.<\/p>\n                <\/div>\n            <\/section>\n            <\/section>\n<\/section>\n<script type=application\/ld+json>\n{\n    \"@context\": \"https:\/\/schema.org\",\n    \"@type\":    \"FAQPage\",\n    \"@id\":      \"https:\/\/www.esberitox.de\/at\/wp-json\/wp\/v2\/pages\/579\",\n    \"mainEntity\": [\n                                {\n                    \"@type\":    \"Question\",\n                    \"name\":     \"Wie genau wirken Esberitox<sup>\u00ae<\/sup> FORTE und Esberitox<sup>\u00ae<\/sup>?\",\n                    \"acceptedAnswer\":\n                        {\n                            \"@type\":    \"Answer\",\n                            \"text\": \"<p><strong><a href=\\\"https:\/\/www.esberitox.de\/at\/erkaeltung-verkuerzen\/esberitox-forte\/\\\">Esberitox<sup>\u00ae<\/sup> FORTE<\/a>\u00a0<\/strong>und<strong>\u00a0<a href=\\\"https:\/\/www.esberitox.de\/at\/erkaeltung-verkuerzen\/esberitox-tabletten\/\\\">Esberitox<sup>\u00ae<\/sup><\/a><\/strong>\u00a0bein\u00adhalten einen Misch\u00adextrakt mit Wirk\u00adstoffen aus Purpur\u00adsonnen\u00adhutwurzel, Wurzel des Blass\u00adbl\u00e4ttrigen Sonnen\u00adhutes, F\u00e4rber\u00adh\u00fclsen\u00adwurzel und Lebens\u00adbaum\u00adspitzen und -bl\u00e4ttern.<\/p>\n<p>Die Wirk\u00ad\u00adstoffe stimu\u00adlieren das k\u00f6rper\u00ad\u00adeigene Immun\u00ad\u00adsystem an unter\u00adschiedlich\u00aden An\u00adgriffs\u00ad\u00adpunkten. F\u00fcr jede Pflanze wur\u00adden experimen\u00adtell ver\u00adschieden\u00aden Wirk\u00adweisen fest\u00adge\u00adstellt und jeder Wirk\u00adstoff hat ein\u00aden eigen\u00aden An\u00adteil f\u00fcr die Wirk\u00adung, der Misch\u00adextrakt hat aller\u00addings die st\u00e4rk\u00adste Wirk\u00adung. Hier\u00adbei wer\u00adden neb\u00aden einer direkt anti\u00adviralen Wirk\u00adung (durch Lebens\u00adbaum und Sonnen\u00adhut) auch ver\u00adschiede\u00adne Immun\u00adzellen aktiviert, die f\u00fcr die Be\u00adk\u00e4mpf\u00adung viral\u00ader und bakter\u00adieller Krank\u00adheits\u00ader\u00adreger zu\u00adst\u00e4ndig sind. So er\u00adh\u00f6ht Sonnen\u00adhut bei\u00adspiels\u00adweise die Aktivi\u00adt\u00e4t von Fress\u00adzellen, welche ein\u00adge\u00addrunge\u00adne Er\u00adreger ver\u00adnicht\u00aden. Die F\u00e4rber\u00adh\u00fclse sorgt wieder\u00adum f\u00fcr eine be\u00adschleunig\u00adte Pro\u00adduktion von Anti\u00adk\u00f6rpern, welche die Krankheits\u00aderreger neu\u00adtralisieren.<\/p>\n\"\n                        }\n                }\n                                    ,\n                                                {\n                    \"@type\":    \"Question\",\n                    \"name\":     \"Wie lange kann ich Esberitox<sup>\u00ae<\/sup> FORTE und Esberitox<sup>\u00ae<\/sup>?\",\n                    \"acceptedAnswer\":\n                        {\n                            \"@type\":    \"Answer\",\n                            \"text\": \"<p>Be\u00adginn\u00aden Sie mit der Be\u00adhand\u00adlung so fr\u00fch wie m\u00f6g\u00adlich nach Auf\u00adtreten der ersten Symp\u00adtome und nehm\u00aden Sie\u00a0<a href=\\\"https:\/\/www.esberitox.de\/at\/erkaeltung-verkuerzen\/esberitox-forte\/\\\">Esberitox<sup>\u00ae<\/sup> FORTE<\/a>\u00a0oder\u00a0<a href=\\\"https:\/\/www.esberitox.de\/at\/erkaeltung-verkuerzen\/esberitox-tabletten\/\\\">Esberitox<sup>\u00ae<\/sup><\/a> so\u00ad\u00adlange ein, bis die Symp\u00adtome ab\u00adklingen. Die An\u00ad\u00adwendungs\u00ad\u00addauer von Esberitox<sup>\u00ae<\/sup> FORTE und Esberitox<sup>\u00ae<\/sup> Tabletten ist nicht grund\u00ads\u00e4tz\u00adlich be\u00adsch\u00adr\u00e4nkt, nehm\u00aden Sie Esberitox<sup>\u00ae<\/sup> FORTE\u00a0und Esberitox<sup>\u00ae<\/sup> Tab\u00adletten je\u00addoch ohne \u00e4rzt\u00adlichen Rat nicht l\u00e4ng\u00ader als 10 Tage ein. Denn wenn die Be\u00adsch\u00adwer\u00adden l\u00e4n\u00adger als 10 Tage an\u00addauern, inner\u00adhalb die\u00adser Zeit st\u00e4r\u00adker wer\u00adden oder nach ein\u00ader Woch\u00ade kein\u00ade Besser\u00adung auf\u00adtritt oder weit\u00adere Symp\u00adtome wie Atem\u00adnot, Fieb\u00ader oder eitri\u00adger oder blut\u00adiger Aus\u00adwurf auf\u00adtreten, kann es sein, dass Sie nicht unter ein\u00ader \u201eein\u00adfachen\u201c <a href=\\\"https:\/\/www.esberitox.de\/at\/grippaler-infekt\/\\\">Er\u00adk\u00e4lt\u00adung<\/a>\u00a0leid\u00aden. Da\u00admit keine schwer\u00adwiegen\u00adden Er\u00adkrank\u00adungen \u00fcber\u00adsehen wer\u00adden, leg\u00aden wir Ihn\u00aden da\u00adher nahe, in ein\u00adem solchen Fall ein\u00aden Arzt auf\u00ad\u00adzu\u00ad\u00adsuchen, um mit dies\u00adem die wei\u00adtere Be\u00adhand\u00adlung zu be\u00adsprech\u00aden.<\/p>\n\"\n                        }\n                }\n                                    ,\n                                                {\n                    \"@type\":    \"Question\",\n                    \"name\":     \"Kann ich Esberitox<sup>\u00ae<\/sup> FORTE und Esberitox<sup>\u00ae<\/sup> zusammen mit anderen Arzneimitteln einnehmen?\",\n                    \"acceptedAnswer\":\n                        {\n                            \"@type\":    \"Answer\",\n                            \"text\": \"<p>Es sind\u00a0<strong>keine Wechsel\u00adwirkung\u00aden<\/strong> von Esberitox<sup>\u00ae<\/sup> FORTE und Esberitox<sup>\u00ae<\/sup> mit ander\u00aden Arznei\u00admitteln be\u00adkannt. Eine ge\u00admein\u00adsame An\u00adwend\u00adung mit ander\u00aden Arznei\u00admitteln ist al\u00adso grund\u00ads\u00e4tz\u00adlich m\u00f6g\u00adlich.<\/p>\n\"\n                        }\n                }\n                                    ,\n                                                {\n                    \"@type\":    \"Question\",\n                    \"name\":     \"Kann ich Esberitox<sup>\u00ae<\/sup> FORTE und Esberitox<sup>\u00ae<\/sup> in der Schwangerschaft oder Stillzeit verwenden?\",\n                    \"acceptedAnswer\":\n                        {\n                            \"@type\":    \"Answer\",\n                            \"text\": \"<p>Da die Sicher\u00adheit einer An\u00adwend\u00adung in der Schwanger\u00adschaft nicht be\u00adlegt ist, soll\u00adten Sie Esberitox<sup>\u00ae<\/sup> FORTE oder Esberitox<sup>\u00ae<\/sup> nur nach R\u00fcck\u00adsprache mit Ihrem Arzt ein\u00adnehmen, nach\u00addem dieser eine Nutzen\/Risiko-Absch\u00e4tz\u00adung durch\u00adgef\u00fchrt hat. Da nicht be\u00adkannt ist, ob Inhalts\u00adstoffe aus Esberitox<sup>\u00ae<\/sup> in die Mutter\u00admilch \u00fcber\u00adgehen und zu uner\u00adw\u00fcnschten Wirk\u00adungen beim ge\u00adstillten S\u00e4ug\u00adling f\u00fchr\u00aden, soll\u00adten Sie Esberitox<sup>\u00ae<\/sup> FORTE oder Esberitox<sup>\u00ae<\/sup> w\u00e4hr\u00adend der Still\u00adzeit vorsichts\u00adhalber nicht ein\u00adnehm\u00aden.<\/p>\n\"\n                        }\n                }\n                                            ]\n}\n<\/script>\n\n<script>    \n    jQuery(document).ready(function () {\n        jQuery('.accordion-wrapper516 .one-listing .headline').click(function () {\n            var checker = 0;\n            if(jQuery(this).parents('.one-listing').hasClass('active')) {\n                checker = 1;\n            }\n            console.log(jQuery(this), checker);\n            \n            jQuery('.accordion-wrapper516 .one-listing ').removeClass('active');\n            \n            if(checker != 1) {\n                jQuery(this).parents('.one-listing').addClass('active');\n            } else {\n                jQuery(this).parents('.one-listing').removeClass('active');\n            }\n        });\n    });\n<\/script>\n<\/div><\/div><\/div><\/div><\/div><\/div>            <\/div>\n        <\/div>\n    <\/div>\n<\/section>\n\n\n<\/div><\/div><\/div><\/div><\/div><div id=\"pg-579-5\"  class=\"panel-grid panel-no-style\" ><div id=\"pgc-579-5-0\"  class=\"panel-grid-cell\" ><div id=\"panel-579-5-0-0\" class=\"so-panel widget widget_sow-editor panel-first-child panel-last-child\" data-index=\"6\" ><div\n\t\t\t\n\t\t\tclass=\"so-widget-sow-editor so-widget-sow-editor-base\"\n\t\t\t\n\t\t>\n<div class=\"siteorigin-widget-tinymce textwidget\">\n\t<h2 style=\"text-align: center;\"><span style=\"color: #009739;\">Ratgeber Thema<\/span><\/h2>\n<p style=\"text-align: center;\"><strong>\u201eErk\u00e4ltung vorbeugen\u201c<\/strong><\/p>\n<\/div>\n<\/div><\/div><\/div><\/div><div id=\"pg-579-6\"  class=\"panel-grid panel-no-style\" ><div id=\"pgc-579-6-0\"  class=\"panel-grid-cell\" ><div id=\"panel-579-6-0-0\" class=\"so-panel widget widget_wph-pages panel-first-child panel-last-child\" data-index=\"7\" ><div\n\t\t\t\n\t\t\tclass=\"so-widget-wph-pages so-widget-wph-pages-base\"\n\t\t\t\n\t\t><section class=\"container\">\n    <section class=\"grp\">\n        <div class=\"row row-cols-1 row-cols-md-3 g-4\">\n                            <div class=\"col\">\n                    <div class=\"card h-100\">\n                        <img decoding=\"async\" src=\"https:\/\/www.esberitox.de\/at\/wp-content\/uploads\/AdobeStock_318427445-scaled.jpeg\" class=\"card-img-top img1\">\n                        <div class=\"card-body\">\n                            <div class=\"card-title\">\n                                <a href=\"https:\/\/www.esberitox.de\/at\/ratgeber-hausmittel\/erkaeltung-vorbeugen\/\" title=\"Erk\u00e4ltung vorbeugen\">\n                                    Erk\u00e4ltung vorbeugen                                <\/a>\n                            <\/div>\n                            <div class=\"card-text\">\n                                <p>Sie sind \u00fcberall, lauern auf T\u00fcr\u00adklinken, Tastaturen und Telefonen und nutzen jede Schwach\u00adstelle unseres\u00a0Immunsystems\u00a0gnaden\u00adlos aus: Die Rede ist von Erk\u00e4ltungs\u00adviren.<\/p>\n                            <\/div>\n                        <\/div>\n                        <a href=\"https:\/\/www.esberitox.de\/at\/ratgeber-hausmittel\/erkaeltung-vorbeugen\/\" title=\"Erk\u00e4ltung vorbeugen\">\n                            Mehr erfahren                        <\/a>\n                    <\/div>\n                <\/div>\n                            <div class=\"col\">\n                    <div class=\"card h-100\">\n                        <img decoding=\"async\" src=\"https:\/\/www.esberitox.de\/at\/wp-content\/uploads\/AdobeStock_291247001-scaled.jpeg\" class=\"card-img-top img1\">\n                        <div class=\"card-body\">\n                            <div class=\"card-title\">\n                                <a href=\"https:\/\/www.esberitox.de\/at\/ratgeber-hausmittel\/erkaeltung-behandeln\/\" title=\"Erk\u00e4ltung behandeln\">\n                                    Erk\u00e4ltung behandeln                                <\/a>\n                            <\/div>\n                            <div class=\"card-text\">\n                                <p>Aktuell wird das gesamte Bundesgebiet von einer Grippewelle erfasst und Schatzungen zufolge kann das noch 3-4 Monate so bleiben. Neu ist, dass auch vermehrt j\u00fcngere Erwachsene betroffen sind.<\/p>\n                            <\/div>\n                        <\/div>\n                        <a href=\"https:\/\/www.esberitox.de\/at\/ratgeber-hausmittel\/erkaeltung-behandeln\/\" title=\"Erk\u00e4ltung behandeln\">\n                            Mehr erfahren                        <\/a>\n                    <\/div>\n                <\/div>\n                            <div class=\"col\">\n                    <div class=\"card h-100\">\n                        <img decoding=\"async\" src=\"https:\/\/www.esberitox.de\/at\/wp-content\/uploads\/AdobeStock_682547994-1-scaled.jpeg\" class=\"card-img-top img1\">\n                        <div class=\"card-body\">\n                            <div class=\"card-title\">\n                                <a href=\"https:\/\/www.esberitox.de\/at\/ratgeber-hausmittel\/wirksame-heilpflanzen\/\" title=\"Wirksame Heilpflanzen bei Erk\u00e4ltungskrankheiteng\">\n                                    Wirksame Heilpflanzen bei Erk\u00e4ltungskrankheiteng                                <\/a>\n                            <\/div>\n                            <div class=\"card-text\">\n                                <p>Die moderne Forschung zeigt: Bestimmte pflanzliche Wirkstoffe besitzen die F\u00e4higkeit, gezielt gegen erk\u00e4ltungsausl\u00f6sende Viren im menschlichen K\u00f6rper vorzugehen und zus\u00e4tzlich das k\u00f6rpereigene Abwehrsystem zu st\u00e4rken.<\/p>\n                            <\/div>\n                        <\/div>\n                        <a href=\"https:\/\/www.esberitox.de\/at\/ratgeber-hausmittel\/wirksame-heilpflanzen\/\" title=\"Wirksame Heilpflanzen bei Erk\u00e4ltungskrankheiteng\">\n                            Mehr erfahren                        <\/a>\n                    <\/div>\n                <\/div>\n                            <div class=\"col\">\n                    <div class=\"card h-100\">\n                        <img decoding=\"async\" src=\"https:\/\/www.esberitox.de\/at\/wp-content\/uploads\/AdobeStock_1003640061-scaled.jpeg\" class=\"card-img-top img1\">\n                        <div class=\"card-body\">\n                            <div class=\"card-title\">\n                                <a href=\"https:\/\/www.esberitox.de\/at\/ratgeber-hausmittel\/hausmittel-bei-erkaeltung\/\" title=\"Hausmittel bei Erk\u00e4ltung\">\n                                    Hausmittel bei Erk\u00e4ltung                                <\/a>\n                            <\/div>\n                            <div class=\"card-text\">\n                                <p>Die Nase ist dicht, der Hals tut weh und der Kopf dr\u00f6hnt \u2013 wer unter einer Er\u00adk\u00e4ltung leidet, hat meist nur ein Ziel: So schnell wie m\u00f6glich wieder gesund werden.<\/p>\n                            <\/div>\n                        <\/div>\n                        <a href=\"https:\/\/www.esberitox.de\/at\/ratgeber-hausmittel\/hausmittel-bei-erkaeltung\/\" title=\"Hausmittel bei Erk\u00e4ltung\">\n                            Mehr erfahren                        <\/a>\n                    <\/div>\n                <\/div>\n                            <div class=\"col\">\n                    <div class=\"card h-100\">\n                        <img decoding=\"async\" src=\"https:\/\/www.esberitox.de\/at\/wp-content\/uploads\/FAQs_teaser-scaled.jpg\" class=\"card-img-top img1\">\n                        <div class=\"card-body\">\n                            <div class=\"card-title\">\n                                <a href=\"https:\/\/www.esberitox.de\/at\/ratgeber-hausmittel\/faq\/\" title=\"H\u00e4ufige Fragen bei Erk\u00e4ltung\">\n                                    H\u00e4ufige Fragen bei Erk\u00e4ltung                                <\/a>\n                            <\/div>\n                            <div class=\"card-text\">\n                                <p>Hier fin\u00adden Sie die Ant\u00adwort\u00aden zu h\u00e4ufig ge\u00adstellt\u00aden Frag\u00aden rund um die Them\u00aden\u00a0Esberi\u00adtox<sup>\u00ae<\/sup>\u00a0und\u00a0Er\u00adk\u00e4lt\u00adung.<\/p>\n                            <\/div>\n                        <\/div>\n                        <a href=\"https:\/\/www.esberitox.de\/at\/ratgeber-hausmittel\/faq\/\" title=\"H\u00e4ufige Fragen bei Erk\u00e4ltung\">\n                            Mehr erfahren                        <\/a>\n                    <\/div>\n                <\/div>\n                    <\/div>\n    <\/section>\n<\/section>\n<\/div><\/div><\/div><\/div><div id=\"pg-579-7\"  class=\"panel-grid panel-no-style\" ><div id=\"pgc-579-7-0\"  class=\"panel-grid-cell\" ><div id=\"panel-579-7-0-0\" class=\"so-panel widget widget_wph-templates panel-first-child panel-last-child\" data-index=\"8\" ><div\n\t\t\t\n\t\t\tclass=\"so-widget-wph-templates so-widget-wph-templates-base\"\n\t\t\t\n\t\t><section id=\"siteorigin-panels-builder-3\" class=\"widget widget_siteorigin-panels-builder\"><div id=\"pl-w6758172e89ede\"  class=\"panel-layout\" ><div id=\"pg-w6758172e89ede-0\"  class=\"panel-grid panel-has-style\" ><div class=\"siteorigin-panels-stretch panel-row-style panel-row-style-for-w6758172e89ede-0\" data-stretch-type=\"full-width-stretch\" ><div id=\"pgc-w6758172e89ede-0-0\"  class=\"panel-grid-cell\" ><div id=\"panel-w6758172e89ede-0-0-0\" class=\"so-panel widget widget_wph-cta-form-fields panel-first-child panel-last-child\" data-index=\"0\" ><div\n\t\t\t\n\t\t\tclass=\"so-widget-wph-cta-form-fields so-widget-wph-cta-form-fields-base\"\n\t\t\t\n\t\t><section class=\"dolore-area-s1\" style=\"background-image: url(https:\/\/www.esberitox.de\/at\/wp-content\/uploads\/esberitox-at-cta.png)\">\n    <div class=\"container ps-left\">\n        <div class=\"dolore-item-s1\">\n            <h2>Esberitox<sup>\u00ae<\/sup>\u00a0jetzt<br \/>\nonline bestellen<\/h2>\n<p>Bestellen Sie noch heute Esberitox<sup>\u00ae<\/sup>\u00a0online und lassen Sie es sich bequem nach Hause liefern.<\/p>\n                            <a class=\"ci-button\" href=\"https:\/\/www.esberitox.de\/at\/jetzt-kaufen\/\" title=\"Jetzt kaufen\">\n                    Jetzt kaufen                <\/a>\n                    <\/div>\n    <\/div>\n<\/section><\/div><\/div><\/div><\/div><\/div><\/div><\/section><\/div><\/div><\/div><\/div><\/div>","protected":false},"excerpt":{"rendered":"<p>H\u00e4ufig gestellte Fragen Erk\u00e4ltung FAQ Hier fin\u00adden Sie die Ant\u00adwort\u00aden zu h\u00e4ufig ge\u00adstellt\u00aden Frag\u00aden rund um die Them\u00aden\u00a0Esberi\u00adtox\u00ae\u00a0und\u00a0Er\u00adk\u00e4lt\u00adung. Sollt\u00aden Sie keine Ant\u00adwort\u00aden zu Ihren Frag\u00aden find\u00aden, k\u00f6nn\u00aden Sie uns jeder\u00adzeit \u00fcber unser\u00a0Kontaktformular\u00a0an\u00adschreib\u00aden. Allgemeine Fragen zu [&hellip;]<\/p>\n","protected":false},"author":2,"featured_media":0,"parent":616,"menu_order":0,"comment_status":"closed","ping_status":"closed","template":"","meta":{"inline_featured_image":false,"footnotes":""},"class_list":["post-579","page","type-page","status-publish","hentry"],"yoast_head":"<!-- This site is optimized with the Yoast SEO plugin v27.1.1 - https:\/\/yoast.com\/product\/yoast-seo-wordpress\/ -->\n<title>FAQ - Esberitox<\/title>\n<meta name=\"robots\" content=\"index, follow, max-snippet:-1, max-image-preview:large, max-video-preview:-1\" \/>\n<link rel=\"canonical\" href=\"https:\/\/www.esberitox.de\/at\/ratgeber-hausmittel\/faq\/\" \/>\n<meta property=\"og:locale\" content=\"de_DE\" \/>\n<meta property=\"og:type\" content=\"article\" \/>\n<meta property=\"og:title\" content=\"FAQ - Esberitox\" \/>\n<meta property=\"og:description\" content=\"H\u00e4ufig gestellte Fragen Erk\u00e4ltung FAQ Hier fin\u00adden Sie die Ant\u00adwort\u00aden zu h\u00e4ufig ge\u00adstellt\u00aden Frag\u00aden rund um die Them\u00aden\u00a0Esberi\u00adtox\u00ae\u00a0und\u00a0Er\u00adk\u00e4lt\u00adung. Sollt\u00aden Sie keine Ant\u00adwort\u00aden zu Ihren Frag\u00aden find\u00aden, k\u00f6nn\u00aden Sie uns jeder\u00adzeit \u00fcber unser\u00a0Kontaktformular\u00a0an\u00adschreib\u00aden. Allgemeine Fragen zu [&hellip;]\" \/>\n<meta property=\"og:url\" content=\"https:\/\/www.esberitox.de\/at\/ratgeber-hausmittel\/faq\/\" \/>\n<meta property=\"og:site_name\" content=\"Esberitox\" \/>\n<meta property=\"article:modified_time\" content=\"2026-02-04T07:20:51+00:00\" \/>\n<meta name=\"twitter:card\" content=\"summary_large_image\" \/>\n<meta name=\"twitter:label1\" content=\"Gesch\u00e4tzte Lesezeit\" \/>\n\t<meta name=\"twitter:data1\" content=\"10\u00a0Minuten\" \/>\n<script type=\"application\/ld+json\" class=\"yoast-schema-graph\">{\"@context\":\"https:\/\/schema.org\",\"@graph\":[{\"@type\":\"WebPage\",\"@id\":\"https:\/\/www.esberitox.de\/at\/ratgeber-hausmittel\/faq\/\",\"url\":\"https:\/\/www.esberitox.de\/at\/ratgeber-hausmittel\/faq\/\",\"name\":\"FAQ - Esberitox\",\"isPartOf\":{\"@id\":\"https:\/\/www.esberitox.de\/at\/#website\"},\"datePublished\":\"2024-11-29T10:58:19+00:00\",\"dateModified\":\"2026-02-04T07:20:51+00:00\",\"breadcrumb\":{\"@id\":\"https:\/\/www.esberitox.de\/at\/ratgeber-hausmittel\/faq\/#breadcrumb\"},\"inLanguage\":\"de\",\"potentialAction\":[{\"@type\":\"ReadAction\",\"target\":[\"https:\/\/www.esberitox.de\/at\/ratgeber-hausmittel\/faq\/\"]}]},{\"@type\":\"BreadcrumbList\",\"@id\":\"https:\/\/www.esberitox.de\/at\/ratgeber-hausmittel\/faq\/#breadcrumb\",\"itemListElement\":[{\"@type\":\"ListItem\",\"position\":1,\"name\":\"Startseite\",\"item\":\"https:\/\/www.esberitox.de\/at\/at\/\"},{\"@type\":\"ListItem\",\"position\":2,\"name\":\"Ratgeber &#038; Hausmittel\",\"item\":\"https:\/\/www.esberitox.de\/at\/ratgeber-hausmittel\/\"},{\"@type\":\"ListItem\",\"position\":3,\"name\":\"FAQ\"}]},{\"@type\":\"WebSite\",\"@id\":\"https:\/\/www.esberitox.de\/at\/#website\",\"url\":\"https:\/\/www.esberitox.de\/at\/\",\"name\":\"Esberitox\",\"description\":\"\",\"potentialAction\":[{\"@type\":\"SearchAction\",\"target\":{\"@type\":\"EntryPoint\",\"urlTemplate\":\"https:\/\/www.esberitox.de\/at\/?s={search_term_string}\"},\"query-input\":{\"@type\":\"PropertyValueSpecification\",\"valueRequired\":true,\"valueName\":\"search_term_string\"}}],\"inLanguage\":\"de\"}]}<\/script>\n<!-- \/ Yoast SEO plugin. -->","yoast_head_json":{"title":"FAQ - Esberitox","robots":{"index":"index","follow":"follow","max-snippet":"max-snippet:-1","max-image-preview":"max-image-preview:large","max-video-preview":"max-video-preview:-1"},"canonical":"https:\/\/www.esberitox.de\/at\/ratgeber-hausmittel\/faq\/","og_locale":"de_DE","og_type":"article","og_title":"FAQ - Esberitox","og_description":"H\u00e4ufig gestellte Fragen Erk\u00e4ltung FAQ Hier fin\u00adden Sie die Ant\u00adwort\u00aden zu h\u00e4ufig ge\u00adstellt\u00aden Frag\u00aden rund um die Them\u00aden\u00a0Esberi\u00adtox\u00ae\u00a0und\u00a0Er\u00adk\u00e4lt\u00adung. Sollt\u00aden Sie keine Ant\u00adwort\u00aden zu Ihren Frag\u00aden find\u00aden, k\u00f6nn\u00aden Sie uns jeder\u00adzeit \u00fcber unser\u00a0Kontaktformular\u00a0an\u00adschreib\u00aden. Allgemeine Fragen zu [&hellip;]","og_url":"https:\/\/www.esberitox.de\/at\/ratgeber-hausmittel\/faq\/","og_site_name":"Esberitox","article_modified_time":"2026-02-04T07:20:51+00:00","twitter_card":"summary_large_image","twitter_misc":{"Gesch\u00e4tzte Lesezeit":"10\u00a0Minuten"},"schema":{"@context":"https:\/\/schema.org","@graph":[{"@type":"WebPage","@id":"https:\/\/www.esberitox.de\/at\/ratgeber-hausmittel\/faq\/","url":"https:\/\/www.esberitox.de\/at\/ratgeber-hausmittel\/faq\/","name":"FAQ - Esberitox","isPartOf":{"@id":"https:\/\/www.esberitox.de\/at\/#website"},"datePublished":"2024-11-29T10:58:19+00:00","dateModified":"2026-02-04T07:20:51+00:00","breadcrumb":{"@id":"https:\/\/www.esberitox.de\/at\/ratgeber-hausmittel\/faq\/#breadcrumb"},"inLanguage":"de","potentialAction":[{"@type":"ReadAction","target":["https:\/\/www.esberitox.de\/at\/ratgeber-hausmittel\/faq\/"]}]},{"@type":"BreadcrumbList","@id":"https:\/\/www.esberitox.de\/at\/ratgeber-hausmittel\/faq\/#breadcrumb","itemListElement":[{"@type":"ListItem","position":1,"name":"Startseite","item":"https:\/\/www.esberitox.de\/at\/at\/"},{"@type":"ListItem","position":2,"name":"Ratgeber &#038; Hausmittel","item":"https:\/\/www.esberitox.de\/at\/ratgeber-hausmittel\/"},{"@type":"ListItem","position":3,"name":"FAQ"}]},{"@type":"WebSite","@id":"https:\/\/www.esberitox.de\/at\/#website","url":"https:\/\/www.esberitox.de\/at\/","name":"Esberitox","description":"","potentialAction":[{"@type":"SearchAction","target":{"@type":"EntryPoint","urlTemplate":"https:\/\/www.esberitox.de\/at\/?s={search_term_string}"},"query-input":{"@type":"PropertyValueSpecification","valueRequired":true,"valueName":"search_term_string"}}],"inLanguage":"de"}]}},"_links":{"self":[{"href":"https:\/\/www.esberitox.de\/at\/wp-json\/wp\/v2\/pages\/579","targetHints":{"allow":["GET"]}}],"collection":[{"href":"https:\/\/www.esberitox.de\/at\/wp-json\/wp\/v2\/pages"}],"about":[{"href":"https:\/\/www.esberitox.de\/at\/wp-json\/wp\/v2\/types\/page"}],"author":[{"embeddable":true,"href":"https:\/\/www.esberitox.de\/at\/wp-json\/wp\/v2\/users\/2"}],"replies":[{"embeddable":true,"href":"https:\/\/www.esberitox.de\/at\/wp-json\/wp\/v2\/comments?post=579"}],"version-history":[{"count":13,"href":"https:\/\/www.esberitox.de\/at\/wp-json\/wp\/v2\/pages\/579\/revisions"}],"predecessor-version":[{"id":1913,"href":"https:\/\/www.esberitox.de\/at\/wp-json\/wp\/v2\/pages\/579\/revisions\/1913"}],"up":[{"embeddable":true,"href":"https:\/\/www.esberitox.de\/at\/wp-json\/wp\/v2\/pages\/616"}],"wp:attachment":[{"href":"https:\/\/www.esberitox.de\/at\/wp-json\/wp\/v2\/media?parent=579"}],"curies":[{"name":"wp","href":"https:\/\/api.w.org\/{rel}","templated":true}]}}